{"id":29090,"date":"2020-01-09T11:50:19","date_gmt":"2020-01-09T11:50:19","guid":{"rendered":"http:\/\/sviluppoweb1.vmgroupsagl.com\/cilentohome\/vacanze\/?post_type=comuni&#038;p=29090"},"modified":"2020-08-21T09:57:05","modified_gmt":"2020-08-21T09:57:05","slug":"roccadaspide","status":"publish","type":"comuni","link":"https:\/\/www.cilentohome.com\/realestate\/comuni\/salerno-2\/roccadaspide\/","title":{"rendered":"Roccadaspide"},"content":{"rendered":"<p>[vc_row][vc_column width=&#8221;2\/3&#8243;][vc_column_text]<\/p>\n<h4><img loading=\"lazy\" class=\"comuni-icons\" src=\"http:\/\/www.cilentohome.com\/vacancyrental\/wp-content\/uploads\/2020\/01\/nature-3.png\" alt=\"natura\" width=\"40\" height=\"\" \/>Natura<\/h4>\n<p>[\/vc_column_text][vc_column_text]Il territorio del comune di <strong>Roccadaspide<\/strong> \u00e8 compresso per il 38% nell&#8217;area del Parco nazionale del Cilento, Vallo di Diano e Alburni. Il principale elemento naturale della zona \u00e8 l&#8217;albero di <strong>castagno<\/strong> che in queste zone produce una particolare variet\u00e0 di castagna a cui \u00e8 riconosciuto il marchio IGP.<br \/>\nLungo le pendici del Monte Vesole \u00e8 possibile percorrere dei percorsi a piedi, da cui ammirare un esteso bosco di castagni nel quale possono essere individuati alcuni elementi tipici della cultura contadina quali muretti a secco, ponti in pietra, fontane con abbeveratoi per mandrie al pascolo. Lungo il percorso, in alcuni punti, \u00e8 anche possibile godere di una completa panoramica su tutta la sottostante Valle del Calore.[\/vc_column_text][vc_column_text]<\/p>\n<h4><img loading=\"lazy\" class=\"comuni-icons\" src=\"http:\/\/www.cilentohome.com\/vacancyrental\/wp-content\/uploads\/2020\/01\/church-3.png\" alt=\"architetture religiose\" width=\"40\" height=\"\" \/>Architetture religiose<\/h4>\n<p>[\/vc_column_text][vc_column_text]<\/p>\n<ul>\n<li><strong>Ruderi del convento Francescano dei P. Conventuali dedicato a S. Maria delle Grazie<\/strong>, ubicato fuori dal centro abitato nella sottostante Valle del Calore e costruito nel XV secolo, probabilmente dai Frati Domenicani. La chiesa del convento attualmente \u00e8 dedicata al culto di S. Antonio di Padova, \u00e8 a navata unica monoabsidata e vi si accede attraverso un portico, sormontato da due volte a crociera, dov&#8217;\u00e8 visibile un ciclo pittorico quasi totalmente ricoperto da intonaci raffigurante l&#8217;Albero dei Francescani e Santa Maria delle Grazie con S. Francesco e S. Antonio. Nella chiesa della struttura \u00e8 collocata la statua di S. Maria delle Grazie invocata dal popolo in tempi di siccit\u00e0, mentre all&#8217;esterno \u00e8 ancor oggi ubicata la statua della Madonna del latte e la croce di Monteoliveto.<\/li>\n<li><strong>Ruderi del Convento dei Carmelitani dedicato a S. Maria dell&#8217;Arco e del Carmine<\/strong>, sito su una collinetta isolata, in posizione leggermente sopraelevata rispetto al paese a circa un chilometro dal centro urbano. La sua funzione principale era quella di custodire le tombe delle famiglie nobili rocchesi e l&#8217;ossario comune. Il convento, ora in rovina, fu demolito negli anni 50 del XX sec. e le pietre furono utilizzate per costruire le strade rurali del comune.<\/li>\n<li><strong>Chiesa dell&#8217;Assunta<\/strong>, situato nel centro storico, \u00e8 la pi\u00f9 antica chiesa del paese. Fu edificata prima dell&#8217;anno 1000 dagli scampati alla distruzione della vicina citt\u00e0 di Paestum, fu danneggiata nel 1943 dai bombardamenti alleati della seconda guerra mondiale e in seguito restaurata.<\/li>\n<li><strong>Chiesa della Nativit\u00e0 di Maria<\/strong>, situata su un&#8217;altura che domina la piazza principale del paese, fu edificata nel 1608 nei pressi dell&#8217;allora Monastero di clausura di S. Elisabetta. Di particolare interesse sono il portale di bronzo (collocato dopo il restauro degli anni &#8217;90), il campanile con l&#8217;orologio e le suppellettili custodite all&#8217;interno della chiesa tra le quali ricordiamo una tela ad olio raffigurante l&#8217;<em>Immacolata concezione<\/em> ritenuta un&#8217;opera giovanile di Giovanni Battista Caracciolo detto il Battistello e datata intorno al 1607 circa.<\/li>\n<li><strong>Chiesa del Carmine o dei Morti<\/strong>, costruita dinanzi al castello nel 1700, era una chiesa della congrega dei morti. Vi era una fossa comune, oggi sigillata a gesso, ove vi si seppellivano i morti fino agli inizi del XIX secolo.<\/li>\n<li><strong>Chiesa Cristiana Evangelica &#8220;Assemblee di Dio in Italia&#8221;<\/strong>. La comunit\u00e0 evangelica di Roccadaspide vede l&#8217;inizio della testimonianza nel 1928 con le prime conversioni all&#8217;Evangelo. L&#8217;attuale locale di culto \u00e8 stato edificato negli anni &#8217;80.<\/li>\n<\/ul>\n<p>[\/vc_column_text][vc_column_text]<\/p>\n<h4><img loading=\"lazy\" class=\"comuni-icons\" src=\"http:\/\/www.cilentohome.com\/vacancyrental\/wp-content\/uploads\/2020\/01\/monuments-3.png\" alt=\"monumenti\" width=\"40\" height=\"\" \/>Monumenti<\/h4>\n<p>[\/vc_column_text][vc_column_text]<\/p>\n<ul>\n<li><strong>Il castello<\/strong>, situato su un&#8217;altura che domina la Valle del fiume Calore Lucano. Edificato nel XIII secolo, presumibilmente per volont\u00e0 dell&#8217;imperatore Federico II di Svevia in seguito agli eventi relativi alla congiura di Capaccio. Esso \u00e8 in ottimo stato di conservazione, ha un perimetro di 400 metri ed \u00e8 costituito da 33 stanze e 7 torri di cui 2 quadrangolari e 5 cilindriche. All&#8217;interno delle mura del castello sono presenti degli ambienti un tempo adibiti a prigioni e camera dei supplizi nonch\u00e9 i giardini della Corte.<\/li>\n<li><strong>Lapide dello Scanno<\/strong>, ubicata in localit\u00e0 Difesa &#8211; S.Maria, in un punto denominato Scanno, si tratta di una incisione nella roccia scolpita nel 1728 per ricordare l&#8217;ultimazione della via mulattiera che congiungeva il centro capoluogo con la parte occidentale del resto del comune e con la zona di Capaccio.<\/li>\n<\/ul>\n<p>[\/vc_column_text][vc_separator][vc_custom_heading text=&#8221;Cosa vedere nelle vicinanze&#8221; font_container=&#8221;tag:h4|text_align:left&#8221; use_theme_fonts=&#8221;yes&#8221;][vc_column_text]Controne, Giungano, <a href=\"http:\/\/www.cilentohome.com\/vacancyrental\/comuni\/salerno-2\/trentinara\/\"><strong>Trentinara<\/strong><\/a>[\/vc_column_text][vc_empty_space height=&#8221;20px&#8221;][\/vc_column][vc_column width=&#8221;1\/3&#8243;][vc_wp_search][vc_custom_heading text=&#8221;ANNUNCI A ROCCASPIDE&#8221; font_container=&#8221;tag:h6|text_align:left&#8221; use_theme_fonts=&#8221;yes&#8221;][vc_tta_tabs active_section=&#8221;1&#8243; el_class=&#8221;schede-sidebar-comune&#8221;][vc_tta_section title=&#8221;In vendita&#8221; tab_id=&#8221;annunci-in-vendita&#8221;]<div class=\" bottom-estate_property nobutton sidebar-comune\" ><div class=\"items_shortcode_wrapper  \"><\/div><\/div>[vc_btn title=&#8221;Vedi tutti gli annunci&#8221; color=&#8221;primary&#8221; align=&#8221;center&#8221; link=&#8221;url:https%3A%2F%2Fwww.cilentohome.com%2Frealestate%2Fricerca-avanzata%2F%3Flang%3Dit%26advanced_city%3Droccadaspide%26property_category%3Din-vendita%26price_low%3D0%26price_max%3D3000000%26comune|||&#8221; el_class=&#8221;btn-sidebar-comune&#8221;][\/vc_tta_section][vc_tta_section title=&#8221;In Affitto&#8221; tab_id=&#8221;annunci-in-affitto&#8221;]<div class=\" bottom-estate_property nobutton sidebar-comune\" ><div class=\"items_shortcode_wrapper  \">  \n\n<div itemscope itemtype=\"http:\/\/schema.org\/Product\" class=\"listing_wrapper col-md-12 shortcode-col property_unit_v3  property_flex \" data-org=\"4\" data-listid=\"28430\" > \n     \n    <div class=\"property_listing\" data-link=\"https:\/\/www.cilentohome.com\/realestate\/properties\/agriturismo-carretiello\/\">\n                \n          \n            <div class=\"listing-unit-img-wrapper\"><a href=\"https:\/\/www.cilentohome.com\/realestate\/properties\/agriturismo-carretiello\/\"><img itemprop=\"image\" src=\"https:\/\/www.cilentohome.com\/realestate\/wp-content\/uploads\/2020\/01\/agriturismo-carretiello-1-400x314.jpg\"   class=\"b-lazy img-responsive wp-post-image lazy-hidden\" alt=\"Immagine\" \/><\/a><div class=\"price_unit_wrapper\"> <\/div><div class=\"price_unit\">\u20ac 42<span class=\"pernight\"> \/night<\/span><\/div><\/div>            \n            <div class=\"property_unit_action\">\n                <span class=\"icon-fav icon-fav-off\" data-original-title=\"Aggiungi ai preferiti\" data-postid=\"28430\"><i class=\"fas fa-heart\"><\/i><\/span>\n            <\/div>\n     \n        \n        \n            <div class=\"property_status_wrapper\"><\/div>          \n            <div class=\"title-container\">\n               \n                <div class=rating_placeholder><\/div>                \n                <div class=\"category_name\">\n                    <a itemprop=\"url\" href=\"https:\/\/www.cilentohome.com\/realestate\/properties\/agriturismo-carretiello\/\" class=\"listing_title_unit\">\n                        <span itemprop=\"name\">\n                        Agriturismo Carretiello                        <\/span>    \n                    <\/a>\n                    \n                    \n                    <div class=\"category_tagline actions_icon\">\n                        <a href=\"https:\/\/www.cilentohome.com\/realestate\/listings\/monolocale-in-affitto\/\" rel=\"tag\">Monolocale<\/a>, <a href=\"https:\/\/www.cilentohome.com\/realestate\/listings\/%d9%b4-in-affitto\/\" rel=\"tag\">\u0674 In Affitto<\/a> \/ <a href=\"https:\/\/www.cilentohome.com\/realestate\/action\/40-m%c2%b2-60-m%c2%b2\/\" rel=\"tag\">40 m\u00b2 - 60 m\u00b2<\/a>                    <\/div>\n                    \n                    <div class=\"category_tagline\">\n                       <div class=\"custom_listing_data\"><i class=\"fas fa-home\"><\/i><a href=\"https:\/\/www.cilentohome.com\/realestate\/listings\/monolocale-in-affitto\/\" rel=\"tag\">Monolocale<\/a>, <a href=\"https:\/\/www.cilentohome.com\/realestate\/listings\/%d9%b4-in-affitto\/\" rel=\"tag\">\u0674 In Affitto<\/a><\/div><div class=\"custom_listing_data\"><i class=\"fas fa-map-marker-alt\"><\/i><a href=\"https:\/\/www.cilentohome.com\/realestate\/city\/roccadaspide\/\" rel=\"tag\">Roccadaspide<\/a>, <a href=\"https:\/\/www.cilentohome.com\/realestate\/city\/salerno\/\" rel=\"tag\">Salerno<\/a><\/div><div class=\"custom_listing_data\"><span class=\"custom_listing_data_label\">Metratura:<\/span>0 m<sup>2<\/sup><\/div><div class=\"custom_listing_data\"><span class=\"custom_listing_data_label\">Locali:<\/span>6<\/div>                    <\/div>\n                <\/div>\n                \n            \n            <\/div>\n            <\/div>          \n<\/div><\/div><\/div>[vc_btn title=&#8221;Vedi tutti gli annunci&#8221; color=&#8221;primary&#8221; align=&#8221;center&#8221; link=&#8221;url:https%3A%2F%2Fwww.cilentohome.com%2Frealestate%2Fricerca-avanzata%2F%3Flang%3Dit%26advanced_city%3Droccadaspide%26property_category%3Din-affitto%26price_low%3D0%26price_max%3D3000000%26comune|||&#8221; el_class=&#8221;btn-sidebar-comune&#8221;][\/vc_tta_section][\/vc_tta_tabs][\/vc_column][\/vc_row][vc_row full_width=&#8221;stretch_row_content&#8221; el_class=&#8221;comuni-map&#8221;][vc_column][vc_gmaps link=&#8221;#E-8_JTNDaWZyYW1lJTIwc3JjJTNEJTIyaHR0cHMlM0ElMkYlMkZ3d3cuZ29vZ2xlLmNvbSUyRm1hcHMlMkZlbWJlZCUzRnBiJTNEJTIxMW0xOCUyMTFtMTIlMjExbTMlMjExZDYwNzQuNjUzNTA4MzA3MTM0JTIxMmQxNS4xODU2MjcyNTAzNzQ4ODUlMjEzZDQwLjQyMzc2MzAxNzA1MjIlMjEybTMlMjExZjAlMjEyZjAlMjEzZjAlMjEzbTIlMjExaTEwMjQlMjEyaTc2OCUyMTRmMTMuMSUyMTNtMyUyMTFtMiUyMTFzMHgxMzM5NTA3MjExYWY5ZDRiJTI1M0EweGI3ZWNmOTA2MDFhZjk2ZDMlMjEyczg0MDY5JTI1MjBSb2NjYWRhc3BpZGUlMjUyMFNBJTI1MkMlMjUyMEl0YWxpYSUyMTVlMCUyMTNtMiUyMTFzaXQlMjEyc2NoJTIxNHYxNTgwODE1OTQxNjEyJTIxNW0yJTIxMXNpdCUyMTJzY2glMjIlMjB3aWR0aCUzRCUyMjEwMCUyNSUyMiUyMGhlaWdodCUzRCUyMjQ1MCUyMiUyMGZyYW1lYm9yZGVyJTNEJTIyMCUyMiUyMHN0eWxlJTNEJTIyJTIyJTIwYWxsb3dmdWxsc2NyZWVuJTNEJTIyJTIyJTNFJTNDJTJGaWZyYW1lJTNF&#8221; size=&#8221;500px&#8221;][\/vc_column][\/vc_row]<\/p>\n","protected":false},"excerpt":{"rendered":"<p>[vc_row][vc_column width=&#8221;2\/3&#8243;][vc_column_text] Natura [\/vc_column_text][vc_column_text]Il territorio del comune di Roccadaspide \u00e8 compresso per il 38% nell&#8217;area del Parco nazionale del Cilento, Vallo di Diano e Alburni. Il principale elemento naturale della zona \u00e8 l&#8217;albero di castagno &#8230;<\/p>\n","protected":false},"featured_media":29091,"parent":28960,"menu_order":0,"template":"","format":"standard","yoast_head":"<!-- This site is optimized with the Yoast SEO plugin v14.8 - https:\/\/yoast.com\/wordpress\/plugins\/seo\/ -->\n<title>Roccadaspide - CilentoHome Immobiliare<\/title>\n<meta name=\"robots\" content=\"noindex, follow\" \/>\n<meta property=\"og:locale\" content=\"it_IT\" \/>\n<meta property=\"og:type\" content=\"article\" \/>\n<meta property=\"og:title\" content=\"Roccadaspide - CilentoHome Immobiliare\" \/>\n<meta property=\"og:description\" content=\"[vc_row][vc_column width=&#8221;2\/3&#8243;][vc_column_text] Natura [\/vc_column_text][vc_column_text]Il territorio del comune di Roccadaspide \u00e8 compresso per il 38% nell&#8217;area del Parco nazionale del Cilento, Vallo di Diano e Alburni. Il principale elemento naturale della zona \u00e8 l&#8217;albero di castagno ...\" \/>\n<meta property=\"og:url\" content=\"https:\/\/www.cilentohome.com\/realestate\/comuni\/salerno-2\/roccadaspide\/\" \/>\n<meta property=\"og:site_name\" content=\"CilentoHome Immobiliare\" \/>\n<meta property=\"article:modified_time\" content=\"2020-08-21T09:57:05+00:00\" \/>\n<meta property=\"og:image\" content=\"https:\/\/www.cilentohome.com\/realestate\/wp-content\/uploads\/2020\/01\/Roccaspide.jpg\" \/>\n\t<meta property=\"og:image:width\" content=\"800\" \/>\n\t<meta property=\"og:image:height\" content=\"533\" \/>\n<meta name=\"twitter:card\" content=\"summary_large_image\" \/>\n<script type=\"application\/ld+json\" class=\"yoast-schema-graph\">{\"@context\":\"https:\/\/schema.org\",\"@graph\":[{\"@type\":\"WebSite\",\"@id\":\"https:\/\/www.cilentohome.com\/realestate\/#website\",\"url\":\"https:\/\/www.cilentohome.com\/realestate\/\",\"name\":\"CilentoHome Immobiliare\",\"description\":\"Vendita e Affitto case nel Cilento\",\"potentialAction\":[{\"@type\":\"SearchAction\",\"target\":\"https:\/\/www.cilentohome.com\/realestate\/?s={search_term_string}\",\"query-input\":\"required name=search_term_string\"}],\"inLanguage\":\"it-IT\"},{\"@type\":\"ImageObject\",\"@id\":\"https:\/\/www.cilentohome.com\/realestate\/comuni\/salerno-2\/roccadaspide\/#primaryimage\",\"inLanguage\":\"it-IT\",\"url\":\"https:\/\/www.cilentohome.com\/realestate\/wp-content\/uploads\/2020\/01\/Roccaspide.jpg\",\"width\":800,\"height\":533,\"caption\":\"Roccaspide\"},{\"@type\":\"WebPage\",\"@id\":\"https:\/\/www.cilentohome.com\/realestate\/comuni\/salerno-2\/roccadaspide\/#webpage\",\"url\":\"https:\/\/www.cilentohome.com\/realestate\/comuni\/salerno-2\/roccadaspide\/\",\"name\":\"Roccadaspide - CilentoHome Immobiliare\",\"isPartOf\":{\"@id\":\"https:\/\/www.cilentohome.com\/realestate\/#website\"},\"primaryImageOfPage\":{\"@id\":\"https:\/\/www.cilentohome.com\/realestate\/comuni\/salerno-2\/roccadaspide\/#primaryimage\"},\"datePublished\":\"2020-01-09T11:50:19+00:00\",\"dateModified\":\"2020-08-21T09:57:05+00:00\",\"inLanguage\":\"it-IT\",\"potentialAction\":[{\"@type\":\"ReadAction\",\"target\":[\"https:\/\/www.cilentohome.com\/realestate\/comuni\/salerno-2\/roccadaspide\/\"]}]}]}<\/script>\n<!-- \/ Yoast SEO plugin. -->","_links":{"self":[{"href":"https:\/\/www.cilentohome.com\/realestate\/wp-json\/wp\/v2\/comuni\/29090"}],"collection":[{"href":"https:\/\/www.cilentohome.com\/realestate\/wp-json\/wp\/v2\/comuni"}],"about":[{"href":"https:\/\/www.cilentohome.com\/realestate\/wp-json\/wp\/v2\/types\/comuni"}],"up":[{"embeddable":true,"href":"https:\/\/www.cilentohome.com\/realestate\/wp-json\/wp\/v2\/comuni\/28960"}],"wp:featuredmedia":[{"embeddable":true,"href":"https:\/\/www.cilentohome.com\/realestate\/wp-json\/wp\/v2\/media\/29091"}],"wp:attachment":[{"href":"https:\/\/www.cilentohome.com\/realestate\/wp-json\/wp\/v2\/media?parent=29090"}],"curies":[{"name":"wp","href":"https:\/\/api.w.org\/{rel}","templated":true}]}}